{"id":287,"date":"2021-02-23T14:22:42","date_gmt":"2021-02-23T13:22:42","guid":{"rendered":"http:\/\/www.zschodov-nejdecka.cz\/?page_id=287"},"modified":"2024-11-25T19:32:34","modified_gmt":"2024-11-25T18:32:34","slug":"dokumenty-skoly","status":"publish","type":"page","link":"https:\/\/www.zschodov-nejdecka.cz\/index.php\/informace-o-skole\/dokumenty-skoly\/","title":{"rendered":"Dokumenty \u0161koly"},"content":{"rendered":"\n<p style=\"font-size:15px\"><strong><a href=\"https:\/\/www.zschodov-nejdecka.cz\/wp-content\/uploads\/2023\/09\/Skolni_rad_2023_24.pdf\">\u0160KOLN\u00cd \u0158\u00c1D<\/a><\/strong><\/p>\n\n\n\n<p style=\"font-size:15px\"><a href=\"https:\/\/www.zschodov-nejdecka.cz\/wp-content\/uploads\/2023\/10\/ICT_plan_23_24.pdf\"><strong>ICT PL\u00c1N \u0160KOLY<\/strong> <\/a><\/p>\n\n\n\n<p style=\"font-size:15px\"><strong><a href=\"https:\/\/www.zschodov-nejdecka.cz\/wp-content\/uploads\/2024\/02\/Uraz.pdf\" data-type=\"link\" data-id=\"https:\/\/www.zschodov-nejdecka.cz\/wp-content\/uploads\/2024\/02\/Uraz.pdf\">\u0160KOLN\u00cd \u00daRAZY<\/a><\/strong><\/p>\n\n\n\n<p class=\"has-background\" style=\"background-color:#53f53da3\"><strong>V\u00ddRO\u010cN\u00cd ZPR\u00c1VY<\/strong><\/p>\n\n\n\n<p style=\"font-size:15px\"><strong><a href=\"https:\/\/www.zschodov-nejdecka.cz\/wp-content\/uploads\/2023\/11\/Vyrocni_zprava_2022_2023.pdf\">V\u00ddRO\u010cN\u00cd ZPR\u00c1VA 2022\/23<\/a><\/strong><\/p>\n\n\n\n<p style=\"font-size:15px\"><strong><a href=\"https:\/\/www.zschodov-nejdecka.cz\/wp-content\/uploads\/2022\/09\/Vyrocni_zprava_2021_2022.pdf\">V\u00ddRO\u010cN\u00cd ZPR\u00c1VA 2021\/22<\/a><\/strong>                                   <\/p>\n\n\n\n<p style=\"font-size:15px\"><strong><a href=\"https:\/\/www.zschodov-nejdecka.cz\/wp-content\/uploads\/2021\/10\/Vyrocni_zprava_2020_2021.pdf\">V\u00ddRO\u010cN\u00cd ZPR\u00c1VA 2020\/21<\/a><\/strong><\/p>\n\n\n\n<p style=\"font-size:15px\"><strong><a href=\"https:\/\/www.zschodov-nejdecka.cz\/wp-content\/uploads\/2021\/02\/Vyrocni_zprava_2019_2020.pdf\">V\u00ddRO\u010cN\u00cd ZPR\u00c1VA 2019\/20<\/a><\/strong><\/p>\n\n\n\n<p class=\"has-pale-pink-background-color has-background\"><strong>V\u00ddRO\u010cN\u00cd ZPR\u00c1VY &#8211; O POSKYTOV\u00c1N\u00cd INFORMAC\u00cd<\/strong><\/p>\n\n\n\n<p style=\"font-size:15px\"><a href=\"https:\/\/www.zschodov-nejdecka.cz\/wp-content\/uploads\/2024\/01\/Vyrocni_zprava_o_poskytovani_informaci_2023.pdf\"><strong>V\u00ddRO\u010cN\u00cd ZPR\u00c1VA 2023<\/strong><\/a><\/p>\n\n\n\n<p style=\"font-size:15px\"><a href=\"https:\/\/www.zschodov-nejdecka.cz\/wp-content\/uploads\/2023\/02\/Vyrocni_zprava_o_cinnosti_v_oblasti_poskytovani_informaci_2022.pdf\"><strong>V\u00ddRO\u010cN\u00cd ZPR\u00c1VA 2022<\/strong><\/a><\/p>\n\n\n\n<p class=\"has-background\" style=\"background-color:#fcd700a1\"><strong>\u0160KOLN\u00cd VZD\u011aL\u00c1VAC\u00cd PROGRAMY<\/strong><\/p>\n\n\n\n<p style=\"font-size:15px\">Ve \u0161kole prob\u00edh\u00e1 v\u00fduka podle \u0161koln\u00edch vzd\u011bl\u00e1vac\u00ed program\u016f:<\/p>\n\n\n\n<p style=\"font-size:15px\">\u0160VP s motiva\u010dn\u00edm n\u00e1zvem <a href=\"https:\/\/www.zschodov-nejdecka.cz\/wp-content\/uploads\/2024\/01\/SVP_zari_Skola_nemusi_byt_problem_2023.pdf\"><strong>&#8222;\u0160kola nemus\u00ed b\u00fdt probl\u00e9m&#8220;<\/strong> <\/a>zpracovan\u00fd podle RVP ZV od 1. 9. 2023; program zohled\u0148uje vzd\u011bl\u00e1v\u00e1n\u00ed \u017e\u00e1k\u016f se speci\u00e1ln\u00edmi vzd\u011bl\u00e1vac\u00edm pot\u0159ebami nap\u0159. poruchami u\u010den\u00ed, pozornosti, chov\u00e1n\u00ed a naru\u0161enou komunika\u010dn\u00ed schopnost\u00ed; pro \u017e\u00e1ky LMP \u2013 obsahuje \u0160VP vymezen\u00e9 o\u010dek\u00e1van\u00e9 minim\u00e1ln\u00ed v\u00fdstupy. Ve \u0161koln\u00edm roce 2023\/24 bude prob\u00edhat ov\u011b\u0159ov\u00e1n\u00ed nov\u00e9ho \u0161koln\u00edho vzd\u011bl\u00e1vac\u00edho programu. \u0160VP byl aktualizov\u00e1n dodatkem z 21. 11. 2023 &#8211; zm\u011bna n\u00e1zvu \u0161koly.<\/p>\n\n\n\n<p style=\"font-size:15px\">Sou\u010d\u00e1st\u00ed \u0160VP jsou p\u0159\u00edlohy: \u0160VP <strong><a href=\"https:\/\/www.zschodov-nejdecka.cz\/wp-content\/uploads\/2022\/11\/PRT_D.pdf\">&#8222;Slun\u00ed\u010dko&#8220;<\/a><\/strong> zpracovan\u00fd podle RVP PV; zam\u011b\u0159en\u00fd na vzd\u011bl\u00e1v\u00e1n\u00ed p\u0159ed\u0161koln\u00edch d\u011bt\u00ed v p\u0159\u00edpravn\u00e9 t\u0159\u00edd\u011b a \u0160VP pro \u0161koln\u00ed dru\u017einu.<\/p>\n\n\n\n<p style=\"font-size:15px\">\u0160VP s motiva\u010dn\u00edm n\u00e1zvem <strong>&#8222;U\u010d\u00edme se pro \u017eivot&#8220;<\/strong> <a href=\"https:\/\/www.zschodov-nejdecka.cz\/wp-content\/uploads\/2023\/01\/SVP_DIL_1.pdf\" data-type=\"URL\" data-id=\"https:\/\/www.zschodov-nejdecka.cz\/wp-content\/uploads\/2023\/01\/SVP_DIL_1.pdf\">d\u00edl I.<\/a> a <a href=\"https:\/\/www.zschodov-nejdecka.cz\/wp-content\/uploads\/2023\/01\/SVP_II_dil.pdf\">d\u00edl II.<\/a> zpracovan\u00fd podle RVP pro obor vzd\u011bl\u00e1n\u00ed z\u00e1kladn\u00ed \u0161kola speci\u00e1ln\u00ed d\u00edl I. a d\u00edl II.; posledn\u00ed \u00faprava od 1. 9. 2017, dodatek z 21. 11. 2023 &#8211; zm\u011bna n\u00e1zvu \u0161koly.<\/p>\n\n\n\n<p style=\"font-size:14px\">\u0160koln\u00ed vzd\u011bl\u00e1vac\u00ed programy je mo\u017en\u00e9 tak\u00e9 zhl\u00e9dnout ve vestibulu \u0161koly a \u0159editeln\u011b \u0161koly.<\/p>\n\n\n\n<p class=\"has-background\" style=\"background-color:#b5e2fe\"><strong>HOSPODA\u0158EN\u00cd \u0160KOLY<\/strong><\/p>\n\n\n\n<p style=\"font-size:15px\"><a href=\"https:\/\/www.zschodov-nejdecka.cz\/wp-content\/uploads\/2023\/02\/Zprava_o_hospodareni_skoly_2022.pdf\"><strong>V\u00fdro\u010dn\u00ed<\/strong> <strong>zpr\u00e1va o hospoda\u0159en\u00ed<\/strong><\/a>        Vyv\u011b\u0161eno dne 20. \u00fanora 2023 <\/p>\n\n\n\n<p style=\"font-size:15px\"><strong><a href=\"https:\/\/www.zschodov-nejdecka.cz\/wp-content\/uploads\/2024\/11\/70976368_Rozpocet_N_a_V_PO_2025.pdf\">Rozpo\u010det n\u00e1klad\u016f a v\u00fdnos\u016f na rok 2025<\/a> <\/strong>Vyv\u011b\u0161eno dne 25. listopadu 2024<\/p>\n\n\n\n<p style=\"font-size:15px\"><a href=\"https:\/\/www.zschodov-nejdecka.cz\/wp-content\/uploads\/2024\/11\/70976368_Strednedoby-vyhled_PO_2026_2027.pdf\"><strong>St\u0159edn\u011bdob\u00fd v\u00fdhled rozpo\u010dtu na roky 2026 a 2027 <\/strong> <\/a>Vyv\u011b\u0161eno dne 25. listopadu 2024<\/p>\n\n\n\n<p><\/p>\n","protected":false},"excerpt":{"rendered":"<p>\u0160KOLN\u00cd \u0158\u00c1D ICT PL\u00c1N \u0160KOLY \u0160KOLN\u00cd \u00daRAZY V\u00ddRO\u010cN\u00cd ZPR\u00c1VY V\u00ddRO\u010cN\u00cd ZPR\u00c1VA 2022\/23 V\u00ddRO\u010cN\u00cd ZPR\u00c1VA 2021\/22 V\u00ddRO\u010cN\u00cd ZPR\u00c1VA 2020\/21 V\u00ddRO\u010cN\u00cd ZPR\u00c1VA &hellip; <\/p>\n","protected":false},"author":4,"featured_media":0,"parent":23,"menu_order":0,"comment_status":"closed","ping_status":"closed","template":"","meta":{"footnotes":""},"class_list":["post-287","page","type-page","status-publish","hentry"],"_links":{"self":[{"href":"https:\/\/www.zschodov-nejdecka.cz\/index.php\/wp-json\/wp\/v2\/pages\/287","targetHints":{"allow":["GET"]}}],"collection":[{"href":"https:\/\/www.zschodov-nejdecka.cz\/index.php\/wp-json\/wp\/v2\/pages"}],"about":[{"href":"https:\/\/www.zschodov-nejdecka.cz\/index.php\/wp-json\/wp\/v2\/types\/page"}],"author":[{"embeddable":true,"href":"https:\/\/www.zschodov-nejdecka.cz\/index.php\/wp-json\/wp\/v2\/users\/4"}],"replies":[{"embeddable":true,"href":"https:\/\/www.zschodov-nejdecka.cz\/index.php\/wp-json\/wp\/v2\/comments?post=287"}],"version-history":[{"count":57,"href":"https:\/\/www.zschodov-nejdecka.cz\/index.php\/wp-json\/wp\/v2\/pages\/287\/revisions"}],"predecessor-version":[{"id":4659,"href":"https:\/\/www.zschodov-nejdecka.cz\/index.php\/wp-json\/wp\/v2\/pages\/287\/revisions\/4659"}],"up":[{"embeddable":true,"href":"https:\/\/www.zschodov-nejdecka.cz\/index.php\/wp-json\/wp\/v2\/pages\/23"}],"wp:attachment":[{"href":"https:\/\/www.zschodov-nejdecka.cz\/index.php\/wp-json\/wp\/v2\/media?parent=287"}],"curies":[{"name":"wp","href":"https:\/\/api.w.org\/{rel}","templated":true}]}}